{"id":1752,"date":"2024-10-24T11:36:28","date_gmt":"2024-10-24T11:36:28","guid":{"rendered":"https:\/\/giragiradis.com\/?page_id=1752"},"modified":"2026-04-07T09:44:36","modified_gmt":"2026-04-07T09:44:36","slug":"viatge-a-oz-el-musical","status":"publish","type":"page","link":"https:\/\/giragiradis.com\/val\/trencadis-produccions\/viatge-a-oz-el-musical\/","title":{"rendered":"Viatge a OZ, el musical"},"content":{"rendered":"<div class=\"wpb-content-wrapper\">[vc_row content_placement=&#8221;bottom&#8221; css=&#8221;.vc_custom_1744884430252{padding-top: 45% !important;padding-bottom: 10% !important;background-image: url(https:\/\/giragiradis.com\/wp-content\/uploads\/2025\/04\/5-e1744884354596.png?id=2473) !important;background-position: center !important;background-repeat: no-repeat !important;background-size: cover !important;}&#8221;][vc_column][\/vc_column][\/vc_row][vc_row css=&#8221;.vc_custom_1731346920305{padding-top: 5% !important;padding-right: 5% !important;padding-left: 5% !important;}&#8221;][vc_column][vc_column_text css=&#8221;.vc_custom_1734032928981{padding-bottom: 5% !important;}&#8221;]\n<h1 style=\"text-align: center;\">Viatge a OZ, el musical<\/h1>\n[\/vc_column_text][\/vc_column][\/vc_row][vc_row gap=&#8221;30&#8243; css=&#8221;.vc_custom_1731346992045{padding-top: 2% !important;padding-right: 5% !important;padding-bottom: 5% !important;padding-left: 5% !important;}&#8221;][vc_column width=&#8221;1\/2&#8243;][vc_column_text css=&#8221;&#8221;]\n<p style=\"text-align: justify;\"><span style=\"font-size: 120%;\">Dora fa uns dibuixos meravellosos. A m\u00e9s dels vistosos camps d&#8217;amapoles, li agrada pintar divertits espantap\u00e0jaros, originals castells de llaunes de conserva i graciosos peluixos de lle\u00f3. Els companys de classe sempre s&#8217;impressionen amb els seus dibuixos, per\u00f2 el dia que va arribar Celia, la professora nova, va descobrir que aquelles l\u00e0mines semblaven tretes d&#8217;un llibre molt especial. Aquell dia, just quan estaven a punt de sortir de classe, va arribar un tornado inesperat que els va fer atrinxerar-se a l&#8217;aula. Nom\u00e9s seria una hora. Dues, com a m\u00e0xim&#8230; Fins que pass\u00e9s el perill per tornar a casa. I, qu\u00e8 podien fer per entretenir-se? Llegir la hist\u00f2ria dels dibuixos de Dora? La for\u00e7a del tornado ens transportar\u00e0 a un m\u00f3n imaginari, amb paisatges meravellosos i personatges fant\u00e0stics que encarnaran les inseguretats de Dora per demostrar-li que, si ho desitja de deb\u00f2, res pot impedir-li aconseguir el seu somni.<\/span><\/p>\n[\/vc_column_text][vc_empty_space height=&#8221;32px&#8221;][vc_row_inner gap=&#8221;35&#8243;][vc_column_inner]<div class=\"elegant-fancy-button-wrapper elegant-align-center\"><style type=\"text\/css\">.elegant-fancy-button-wrap.elegant-fancy-button-1 .elegant-fancy-button-link { color:#E29900 !important;--color:#ffffff !important; border-color:#E29900;--border-color:#E29900}.elegant-fancy-button-wrap.elegant-fancy-button-1 .elegant-fancy-button-link:hover { color:#ffffff !important;}.elegant-fancy-button-wrap.elegant-fancy-button-1 .elegant-fancy-button-link.elegant-button-swipe:before{ background:#E29900;}<\/style><div class=\"elegant-fancy-button-wrap elegant-fancy-button-1 fullbutton\" style=\"margin:0px 0px 0px 0px;\"><a class=\"elegant-fancy-button-link elegant-button-swipe elegant-button-round elegant-button-medium elegant-fancy-button-icon-left\" style=\"font-size:18px;line-height: 1em;\" href=\"https:\/\/giragiradis.com\/wp-content\/uploads\/2025\/12\/DOSSIER-2025-val-1.pdf\" target=\"_blank\">Dossier<\/a><\/div><\/div>[\/vc_column_inner][\/vc_row_inner][vc_row_inner gap=&#8221;35&#8243;][vc_column_inner width=&#8221;1\/3&#8243;]<div class=\"elegant-fancy-button-wrapper elegant-align-center\"><style type=\"text\/css\">.elegant-fancy-button-wrap.elegant-fancy-button-2 .elegant-fancy-button-link { color:#E29900 !important;--color:#ffffff !important; border-color:#E29900;--border-color:#E29900}.elegant-fancy-button-wrap.elegant-fancy-button-2 .elegant-fancy-button-link:hover { color:#ffffff !important;}.elegant-fancy-button-wrap.elegant-fancy-button-2 .elegant-fancy-button-link.elegant-button-swipe:before{ background:#E29900;}<\/style><div class=\"elegant-fancy-button-wrap elegant-fancy-button-2 fullbutton\" style=\"margin:0px 0px 0px 0px;\"><a class=\"elegant-fancy-button-link elegant-button-swipe elegant-button-round elegant-button-medium elegant-fancy-button-icon-left\" style=\"font-size:18px;line-height: 1em;\" href=\"https:\/\/giragiradis.com\/wp-content\/uploads\/2025\/01\/FICHA-TECNICA-VIAJE-A-OZ-Actualizada-01_05_24-1.pdf\" target=\"_blank\">Fitxa t\u00e8cnica<\/a><\/div><\/div>[\/vc_column_inner][vc_column_inner width=&#8221;1\/3&#8243;]<div class=\"elegant-fancy-button-wrapper elegant-align-center\"><style type=\"text\/css\">.elegant-fancy-button-wrap.elegant-fancy-button-3 .elegant-fancy-button-link { color:#E29900 !important;--color:#ffffff !important; border-color:#E29900;--border-color:#E29900}.elegant-fancy-button-wrap.elegant-fancy-button-3 .elegant-fancy-button-link:hover { color:#ffffff !important;}.elegant-fancy-button-wrap.elegant-fancy-button-3 .elegant-fancy-button-link.elegant-button-swipe:before{ background:#E29900;}<\/style><div class=\"elegant-fancy-button-wrap elegant-fancy-button-3 fullbutton\"><a class=\"elegant-fancy-button-link elegant-button-swipe elegant-button-round elegant-button-medium elegant-fancy-button-icon-left\" style=\"font-size:18px;line-height: 1em;\" href=\"https:\/\/giragiradis.com\/wp-content\/uploads\/2024\/11\/VIAJE-A-OZ_GALERIA.zip\" target=\"_blank\">Fotografies<\/a><\/div><\/div>[\/vc_column_inner][vc_column_inner width=&#8221;1\/3&#8243;]<div class=\"elegant-fancy-button-wrapper elegant-align-center\"><style type=\"text\/css\">.elegant-fancy-button-wrap.elegant-fancy-button-4 .elegant-fancy-button-link { color:#E29900 !important;--color:#ffffff !important; border-color:#E29900;--border-color:#E29900}.elegant-fancy-button-wrap.elegant-fancy-button-4 .elegant-fancy-button-link:hover { color:#ffffff !important;}.elegant-fancy-button-wrap.elegant-fancy-button-4 .elegant-fancy-button-link.elegant-button-swipe:before{ background:#E29900;}<\/style><div class=\"elegant-fancy-button-wrap elegant-fancy-button-4 fullbutton\"><a class=\"elegant-fancy-button-link elegant-button-swipe elegant-button-round elegant-button-medium elegant-fancy-button-icon-left\" style=\"font-size:18px;line-height: 1em;\" href=\"https:\/\/giragiradis.com\/wp-content\/uploads\/2025\/03\/CARTELL-VIATGE-A-OZ_valencia-scaled.jpg\" target=\"_blank\">Cartell<\/a><\/div><\/div>[\/vc_column_inner][\/vc_row_inner][\/vc_column][vc_column width=&#8221;1\/2&#8243;][vc_video css=&#8221;&#8221; link=&#8221;https:\/\/youtu.be\/c7Jwh_UuMhY?si=2kU8gpqbVzkz4MPF&#8221;][\/vc_column][\/vc_row][vc_row css=&#8221;.vc_custom_1729774454537{padding-right: 5% !important;padding-bottom: 5% !important;padding-left: 5% !important;}&#8221;][vc_column width=&#8221;1\/2&#8243;][vc_row_inner][vc_column_inner][vc_column_text css=&#8221;.vc_custom_1734033040606{padding-bottom: 4% !important;}&#8221;]\n<h2 style=\"text-align: left;\"><span style=\"font-size: 100%;\">Equip Art\u00edstic<\/span><\/h2>\n[\/vc_column_text][vc_separator align=&#8221;align_left&#8221; border_width=&#8221;2&#8243; css_animation=&#8221;none&#8221; css=&#8221;&#8221;][\/vc_column_inner][\/vc_row_inner][vc_row_inner equal_height=&#8221;yes&#8221;][vc_column_inner width=&#8221;1\/4&#8243;][vc_column_text css=&#8221;.vc_custom_1775555068504{padding-top: 5% !important;border-color: #FFFFFF !important;}&#8221;]\n<h3 class=\"about-title\" style=\"text-align: left;\"><span style=\"color: #e29900; font-size: 110%;\">DIRECCI\u00d3<\/span><\/h3>\n<p style=\"text-align: left;\"><span style=\"font-size: 110%;\">Jose Tom\u00e0s Ch\u00e0fer<\/span><\/p>\n<h3 class=\"about-title\" style=\"text-align: left;\"><span style=\"color: #e29900; font-size: 110%;\">TEXT I LLETRES<\/span><\/h3>\n<p style=\"text-align: left;\"><span style=\"font-size: 110%;\">Josep Moll\u00e0<\/span><\/p>\n<h3 class=\"about-title\" style=\"text-align: left;\"><span style=\"color: #e29900; font-size: 110%;\">M\u00daSICA ORIGINAL<\/span><\/h3>\n<p style=\"text-align: left;\"><span style=\"font-size: 110%;\">Carlos Mansa i Vanessa Gil<\/span><\/p>\n[\/vc_column_text][\/vc_column_inner][vc_column_inner width=&#8221;3\/4&#8243; css=&#8221;.vc_custom_1737474536101{padding-top: 5% !important;}&#8221;][vc_column_text css=&#8221;.vc_custom_1737475135531{border-left-width: 1px !important;padding-top: 5% !important;padding-left: 5% !important;border-left-style: solid !important;border-color: #FFFFFF !important;}&#8221;]<span style=\"color: #e29900;\"><b>Coreografia<\/b> <\/span>Pachi G. Fenollar<br \/>\n<span style=\"color: #e29900;\"><b>Direcci\u00f3 musical<\/b> <\/span>Vanessa Gil<br \/>\n<span style=\"color: #e29900;\"><b>Arreglos<\/b> <\/span>Carlos Mansa<br \/>\n<span style=\"color: #e29900;\"><b>Disseny de vestuari<\/b> <\/span>Pascual Peris<br \/>\n<span style=\"color: #e29900;\"><b>Disseny d&#8217;il\u00b7luminaci\u00f3<\/b> <\/span>Daniel Raga<br \/>\n<span style=\"color: #e29900;\"><b>Escenografia corp\u00f2ria<\/b> <\/span>Rowan Disseny Esc\u00e8nic<br \/>\n<span style=\"color: #e29900;\"><b>Disseny dibuixos Dora<\/b> <\/span>Chicorela Art i Esdeveniments<br \/>\n<span style=\"color: #e29900;\"><b>Perruqueria i caracteritzaci\u00f3<\/b> <\/span>Inma Fuentes<br \/>\n<span style=\"color: #e29900;\"><b>Fabricaci\u00f3 de titelles<\/b> <\/span>Muppetece<br \/>\n<span style=\"color: #e29900;\"><b>Utileria<\/b> <\/span>Raquel Segarra<br \/>\n<span style=\"color: #e29900;\"><b>Disseny espai sonor<\/b> <\/span>Josep Ferrer<br \/>\n<span style=\"color: #e29900;\"><b>Rob\u00f2tica<\/b> <\/span>Dom\u00e8nec Mezquita<br \/>\n<span style=\"color: #e29900;\"><b>Coach vocal<\/b> <\/span>Mary Porcar<br \/>\n<span style=\"color: #e29900;\"><b>Producci\u00f3 musical<\/b> <\/span>Lavadora Sound Studio<br \/>\n<span style=\"color: #e29900;\"><b>Projeccions i disseny gr\u00e0fic<\/b> <\/span>Jaume G. Doria<br \/>\n<span style=\"color: #e29900;\"><b>Directora de producci\u00f3<\/b> <\/span>Maria Peir\u00f3<br \/>\n<span style=\"color: #e29900;\"><b>Ajuda de producci\u00f3<\/b> <\/span>Laura Borr\u00e0s<br \/>\n<span style=\"color: #e29900;\"><b>Producci\u00f3 art\u00edstica<\/b> <\/span>Jaume G. Doria<br \/>\n<span style=\"color: #e29900;\"><b>Cartell, v\u00eddeo i foto<\/b> <\/span>M\u00f3nica Zamora<br \/>\n<span style=\"color: #e29900;\"><b>T\u00e8cnic de llums<\/b> <\/span>Daniel Raga<br \/>\n<span style=\"color: #e29900;\"><b>T\u00e8cnic de so<\/b> <\/span>Josep Ferrer<br \/>\n<span style=\"color: #e29900;\"><b>Distribuci\u00f3<\/b> <\/span>Giragira distribucions[\/vc_column_text][\/vc_column_inner][\/vc_row_inner][\/vc_column][vc_column width=&#8221;1\/2&#8243;][vc_row_inner][vc_column_inner][vc_column_text css=&#8221;.vc_custom_1771350543287{padding-bottom: 4% !important;}&#8221;]\n<h2 style=\"text-align: left;\"><span style=\"font-size: 100%;\">Reconeixements<\/span><\/h2>\n[\/vc_column_text][vc_separator align=&#8221;align_left&#8221; border_width=&#8221;2&#8243; el_width=&#8221;80&#8243; css_animation=&#8221;slideInUp&#8221; css=&#8221;&#8221;][\/vc_column_inner][\/vc_row_inner][vc_row_inner][vc_column_inner][vc_column_text css=&#8221;.vc_custom_1771350705902{padding-top: 5% !important;}&#8221;]\n<div id=\"premios1\">\n<p style=\"text-align: left;\"><strong><span style=\"font-size: 100%;\">Premis MAX 2023:<\/span><\/strong><\/p>\n<\/div>\n<div id=\"premios2\" style=\"text-align: left;\">\n<p><span style=\"color: #e29900;\"><b>Candidat a Millor espectacle musical i\/o l\u00edric<\/b><\/span><\/p>\n<p>&nbsp;<\/p>\n<\/div>\n<div id=\"premios1\" style=\"text-align: left;\">\n<div id=\"premios1\">\n<p style=\"text-align: left;\"><strong><span style=\"font-size: 100%;\">Premios del Teatro Musical 2023:<\/span><\/strong><\/p>\n<\/div>\n<div id=\"premios2\" style=\"text-align: left;\">\n<p><span style=\"color: #e29900;\"><b>Millor musical infantil<\/b><\/span><\/p>\n<p>&nbsp;<\/p>\n<\/div>\n<div id=\"premios1\">\n<p style=\"text-align: left;\"><strong><span style=\"font-size: 100%;\">Red Nacional de Teatros:<\/span><\/strong><\/p>\n<\/div>\n<div id=\"premios2\" style=\"text-align: left;\">\n<p><span style=\"color: #e29900;\"><b>Espectacle recomanat<\/b><\/span><\/p>\n<\/div>\n<p>&nbsp;<\/p>\n<div id=\"premios1\" style=\"text-align: left;\">\n<div id=\"premios1\" style=\"text-align: left;\">\n<p><span style=\"font-size: 100%;\"><strong>Premis BroadwayWorld Spain 2023:<\/strong><\/span><\/p>\n<\/div>\n<div id=\"premios2\" style=\"text-align: left;\"><span style=\"color: #e29900;\"><b>Finalista a Millor musical infantil<\/b><\/span><\/div>\n<\/div>\n<\/div>\n[\/vc_column_text][\/vc_column_inner][\/vc_row_inner][\/vc_column][\/vc_row][vc_row css=&#8221;.vc_custom_1729774454537{padding-right: 5% !important;padding-bottom: 5% !important;padding-left: 5% !important;}&#8221;][vc_column][vc_row_inner][vc_column_inner][vc_column_text css=&#8221;.vc_custom_1734033125364{padding-bottom: 4% !important;}&#8221;]\n<h2 style=\"text-align: left;\"><span style=\"font-size: 100%;\">Galeria Fotogr\u00e0fica<\/span><\/h2>\n[\/vc_column_text][vc_separator align=&#8221;align_left&#8221; border_width=&#8221;2&#8243; css_animation=&#8221;slideInUp&#8221; css=&#8221;&#8221;][vc_empty_space height=&#8221;32px&#8221;][vc_column_text css=&#8221;&#8221;]\n<div id='gallery-1' class='gallery galleryid-1752 gallery-columns-7 gallery-size-thumbnail'><figure class='gallery-item'>\n\t\t\t<div class='gallery-icon landscape'>\n\t\t\t\t<a href='https:\/\/giragiradis.com\/wp-content\/uploads\/2024\/11\/OBRA-TEATRO_VIAJE-A-OZ_01-scaled.jpg'><img loading=\"lazy\" decoding=\"async\" width=\"150\" height=\"150\" src=\"https:\/\/giragiradis.com\/wp-content\/uploads\/2024\/11\/OBRA-TEATRO_VIAJE-A-OZ_01-150x150.jpg\" class=\"attachment-thumbnail size-thumbnail\" alt=\"Imagen obra de teatro Viaje a OZ, el musical\" \/><\/a>\n\t\t\t<\/div><\/figure><figure class='gallery-item'>\n\t\t\t<div class='gallery-icon landscape'>\n\t\t\t\t<a href='https:\/\/giragiradis.com\/wp-content\/uploads\/2024\/11\/OBRA-TEATRO_VIAJE-A-OZ_02-scaled.jpg'><img loading=\"lazy\" decoding=\"async\" width=\"150\" height=\"150\" src=\"https:\/\/giragiradis.com\/wp-content\/uploads\/2024\/11\/OBRA-TEATRO_VIAJE-A-OZ_02-150x150.jpg\" class=\"attachment-thumbnail size-thumbnail\" alt=\"Imagen obra de teatro Viaje a OZ, el musical\" \/><\/a>\n\t\t\t<\/div><\/figure><figure class='gallery-item'>\n\t\t\t<div class='gallery-icon landscape'>\n\t\t\t\t<a href='https:\/\/giragiradis.com\/wp-content\/uploads\/2024\/11\/OBRA-TEATRO_VIAJE-A-OZ_03-scaled.jpg'><img loading=\"lazy\" decoding=\"async\" width=\"150\" height=\"150\" src=\"https:\/\/giragiradis.com\/wp-content\/uploads\/2024\/11\/OBRA-TEATRO_VIAJE-A-OZ_03-150x150.jpg\" class=\"attachment-thumbnail size-thumbnail\" alt=\"Imagen obra de teatro Viaje a OZ, el musical\" \/><\/a>\n\t\t\t<\/div><\/figure><figure class='gallery-item'>\n\t\t\t<div class='gallery-icon landscape'>\n\t\t\t\t<a href='https:\/\/giragiradis.com\/wp-content\/uploads\/2024\/11\/OBRA-TEATRO_VIAJE-A-OZ_04-scaled.jpg'><img loading=\"lazy\" decoding=\"async\" width=\"150\" height=\"150\" src=\"https:\/\/giragiradis.com\/wp-content\/uploads\/2024\/11\/OBRA-TEATRO_VIAJE-A-OZ_04-150x150.jpg\" class=\"attachment-thumbnail size-thumbnail\" alt=\"Imagen obra de teatro Viaje a OZ, el musical\" \/><\/a>\n\t\t\t<\/div><\/figure><figure class='gallery-item'>\n\t\t\t<div class='gallery-icon landscape'>\n\t\t\t\t<a href='https:\/\/giragiradis.com\/wp-content\/uploads\/2024\/11\/OBRA-TEATRO_VIAJE-A-OZ_05-scaled.jpg'><img loading=\"lazy\" decoding=\"async\" width=\"150\" height=\"150\" src=\"https:\/\/giragiradis.com\/wp-content\/uploads\/2024\/11\/OBRA-TEATRO_VIAJE-A-OZ_05-150x150.jpg\" class=\"attachment-thumbnail size-thumbnail\" alt=\"Imagen obra de teatro Viaje a OZ, el musical\" \/><\/a>\n\t\t\t<\/div><\/figure><figure class='gallery-item'>\n\t\t\t<div class='gallery-icon landscape'>\n\t\t\t\t<a href='https:\/\/giragiradis.com\/wp-content\/uploads\/2024\/11\/OBRA-TEATRO_VIAJE-A-OZ_06-scaled.jpg'><img loading=\"lazy\" decoding=\"async\" width=\"150\" height=\"150\" src=\"https:\/\/giragiradis.com\/wp-content\/uploads\/2024\/11\/OBRA-TEATRO_VIAJE-A-OZ_06-150x150.jpg\" class=\"attachment-thumbnail size-thumbnail\" alt=\"Imagen obra de teatro Viaje a OZ, el musical\" \/><\/a>\n\t\t\t<\/div><\/figure><figure class='gallery-item'>\n\t\t\t<div class='gallery-icon landscape'>\n\t\t\t\t<a href='https:\/\/giragiradis.com\/wp-content\/uploads\/2024\/11\/OBRA-TEATRO_VIAJE-A-OZ_07-scaled.jpg'><img loading=\"lazy\" decoding=\"async\" width=\"150\" height=\"150\" src=\"https:\/\/giragiradis.com\/wp-content\/uploads\/2024\/11\/OBRA-TEATRO_VIAJE-A-OZ_07-150x150.jpg\" class=\"attachment-thumbnail size-thumbnail\" alt=\"IMAGEN OBRA TEATRO VIAJE A OZ\" \/><\/a>\n\t\t\t<\/div><\/figure><figure class='gallery-item'>\n\t\t\t<div class='gallery-icon landscape'>\n\t\t\t\t<a href='https:\/\/giragiradis.com\/wp-content\/uploads\/2024\/11\/OBRA-TEATRO_VIAJE-A-OZ_08-scaled.jpg'><img loading=\"lazy\" decoding=\"async\" width=\"150\" height=\"150\" src=\"https:\/\/giragiradis.com\/wp-content\/uploads\/2024\/11\/OBRA-TEATRO_VIAJE-A-OZ_08-150x150.jpg\" class=\"attachment-thumbnail size-thumbnail\" alt=\"IMAGEN OBRA TEATRO VIAJE A OZ\" \/><\/a>\n\t\t\t<\/div><\/figure><figure class='gallery-item'>\n\t\t\t<div class='gallery-icon landscape'>\n\t\t\t\t<a href='https:\/\/giragiradis.com\/wp-content\/uploads\/2024\/11\/OBRA-TEATRO_VIAJE-A-OZ_09-scaled.jpg'><img loading=\"lazy\" decoding=\"async\" width=\"150\" height=\"150\" src=\"https:\/\/giragiradis.com\/wp-content\/uploads\/2024\/11\/OBRA-TEATRO_VIAJE-A-OZ_09-150x150.jpg\" class=\"attachment-thumbnail size-thumbnail\" alt=\", reparto Viaje a OZ el musical\" \/><\/a>\n\t\t\t<\/div><\/figure><figure class='gallery-item'>\n\t\t\t<div class='gallery-icon landscape'>\n\t\t\t\t<a href='https:\/\/giragiradis.com\/wp-content\/uploads\/2024\/11\/OBRA-TEATRO_VIAJE-A-OZ_10-scaled.jpg'><img loading=\"lazy\" decoding=\"async\" width=\"150\" height=\"150\" src=\"https:\/\/giragiradis.com\/wp-content\/uploads\/2024\/11\/OBRA-TEATRO_VIAJE-A-OZ_10-150x150.jpg\" class=\"attachment-thumbnail size-thumbnail\" alt=\", reparto Viaje a OZ el musical\" \/><\/a>\n\t\t\t<\/div><\/figure>\n\t\t<\/div>\n\n[\/vc_column_text][\/vc_column_inner][\/vc_row_inner][\/vc_column][\/vc_row][vc_row css=&#8221;.vc_custom_1729774454537{padding-right: 5% !important;padding-bottom: 5% !important;padding-left: 5% !important;}&#8221;][vc_column][vc_row_inner][vc_column_inner][vc_column_text css=&#8221;.vc_custom_1734033161175{padding-bottom: 4% !important;}&#8221;]\n<h2 style=\"text-align: left;\"><span style=\"font-size: 100%;\">Elenc<\/span><\/h2>\n[\/vc_column_text][vc_separator align=&#8221;align_left&#8221; border_width=&#8221;2&#8243; css_animation=&#8221;slideInUp&#8221; css=&#8221;&#8221;][vc_empty_space height=&#8221;32px&#8221;][\/vc_column_inner][\/vc_row_inner][vc_row_inner equal_height=&#8221;yes&#8221; gap=&#8221;30&#8243;][vc_column_inner width=&#8221;1\/5&#8243;][vc_single_image image=&#8221;2497&#8243; alignment=&#8221;center&#8221; style=&#8221;vc_box_outline_circle&#8221; css=&#8221;&#8221; img_size=&#8221;full&#8221;][vc_column_text css=&#8221;&#8221;]\n<p style=\"text-align: center;\"><span data-text-color=\"success\"><strong><span style=\"font-size: 140%;\">Beatriz Risco<\/span><\/strong><\/span><br \/>\n<strong><em>Dora<\/em><\/strong><\/p>\n[\/vc_column_text][\/vc_column_inner][vc_column_inner width=&#8221;1\/5&#8243;][vc_single_image image=&#8221;2499&#8243; alignment=&#8221;center&#8221; style=&#8221;vc_box_outline_circle&#8221; css=&#8221;&#8221; img_size=&#8221;full&#8221;][vc_column_text css=&#8221;&#8221;]\n<p style=\"text-align: center;\"><span data-text-color=\"success\"><strong><span style=\"font-size: 140%;\">Joserra L\u00f3pez<\/span><\/strong><\/span><br \/>\n<strong><em>\u00c1lex, Munchkin, Home de Llanda, Habitant d\u2019Oz i Mico Alat<br \/>\n<\/em><\/strong><\/p>\n[\/vc_column_text][\/vc_column_inner][vc_column_inner width=&#8221;1\/5&#8243;][vc_single_image image=&#8221;2501&#8243; alignment=&#8221;center&#8221; style=&#8221;vc_box_outline_circle&#8221; css=&#8221;&#8221; img_size=&#8221;full&#8221;][vc_column_text css=&#8221;&#8221;]\n<p style=\"text-align: center;\"><span data-text-color=\"success\"><strong><span style=\"font-size: 140%;\">Virginia Vila de Toro<\/span><\/strong><\/span><br \/>\n<strong><em>Tot\u00f3, Celia, Glinda, Mico Alat, Corb, Habitant d\u2019Oz i Mag d\u2019Oz<\/em><\/strong><\/p>\n[\/vc_column_text][\/vc_column_inner][vc_column_inner width=&#8221;1\/5&#8243;][vc_single_image image=&#8221;2505&#8243; alignment=&#8221;center&#8221; style=&#8221;vc_box_outline_circle&#8221; css=&#8221;&#8221; img_size=&#8221;full&#8221;][vc_column_text css=&#8221;&#8221;]\n<p style=\"text-align: center;\"><span data-text-color=\"success\"><strong><span style=\"font-size: 140%;\">Ovidi Calder\u00f3n<\/span><\/strong><\/span><br \/>\n<strong><em>Dani, Munchkin, Espantaocells, Habitant d\u2019Oz i Bruixa de l\u2019Oest<br \/>\n<\/em><\/strong><\/p>\n[\/vc_column_text][\/vc_column_inner][vc_column_inner width=&#8221;1\/5&#8243;][vc_single_image image=&#8221;2503&#8243; alignment=&#8221;center&#8221; style=&#8221;vc_box_outline_circle&#8221; css=&#8221;&#8221; img_size=&#8221;full&#8221;][vc_column_text css=&#8221;&#8221;]\n<p style=\"text-align: center;\"><span data-text-color=\"success\"><strong><span style=\"font-size: 140%;\">Vicente Hern\u00e1ndez<\/span><\/strong><\/span><br \/>\n<strong><em>Richi, Munchkin, Tot\u00f3, Lle\u00f3, Corb, Porter d\u2019Oz i Mico Alat<\/em><\/strong><\/p>\n[\/vc_column_text][\/vc_column_inner][\/vc_row_inner][vc_empty_space height=&#8221;32px&#8221;][\/vc_column][\/vc_row]\n<\/div>","protected":false},"excerpt":{"rendered":"[vc_row content_placement=&#8221;bottom&#8221; css=&#8221;.vc_custom_1744884430252{padding-top: 45% !important;padding-bottom: 10% !important;background-image: url(https:\/\/giragiradis.com\/wp-content\/uploads\/2025\/04\/5-e1744884354596.png?id=2473) !important;background-position: center !important;background-repeat: no-repeat !important;background-size: cover !important;}&#8221;][vc_column][\/vc_column][\/vc_row][vc_row css=&#8221;.vc_custom_1731346920305{padding-top: 5% !important;padding-right: 5% !important;padding-left: 5% !important;}&#8221;][vc_column][vc_column_text css=&#8221;.vc_custom_1734032928981{padding-bottom: 5% !important;}&#8221;] Viatge a OZ, el musical [&#8230;]\n","protected":false},"author":1,"featured_media":1937,"parent":1733,"menu_order":0,"comment_status":"closed","ping_status":"closed","template":"page-blank.php","meta":{"footnotes":""},"categories":[25,1],"tags":[],"class_list":["post-1752","page","type-page","status-publish","has-post-thumbnail","hentry","category-trencadis-val","category-trencadisc"],"yoast_head":"<!-- This site is optimized with the Yoast SEO plugin v27.3 - https:\/\/yoast.com\/product\/yoast-seo-wordpress\/ -->\n<title>Viatge a OZ, el musical &#8226; GIRAGIRA DISTRIBUCI\u00d3 TEATRAL<\/title>\n<meta name=\"robots\" content=\"index, follow, max-snippet:-1, max-image-preview:large, max-video-preview:-1\" \/>\n<link rel=\"canonical\" href=\"https:\/\/giragiradis.com\/val\/trencadis-produccions\/viatge-a-oz-el-musical\/\" \/>\n<meta property=\"og:locale\" content=\"en_US\" \/>\n<meta property=\"og:type\" content=\"article\" \/>\n<meta property=\"og:title\" content=\"Viatge a OZ, el musical &#8226; GIRAGIRA DISTRIBUCI\u00d3 TEATRAL\" \/>\n<meta property=\"og:description\" content=\"[vc_row content_placement=&#8221;bottom&#8221; css=&#8221;.vc_custom_1744884430252{padding-top: 45% !important;padding-bottom: 10% !important;background-image: url(https:\/\/giragiradis.com\/wp-content\/uploads\/2025\/04\/5-e1744884354596.png?id=2473) !important;background-position: center !important;background-repeat: no-repeat !important;background-size: cover !important;}&#8221;][vc_column][\/vc_column][\/vc_row][vc_row css=&#8221;.vc_custom_1731346920305{padding-top: 5% !important;padding-right: 5% !important;padding-left: 5% !important;}&#8221;][vc_column][vc_column_text css=&#8221;.vc_custom_1734032928981{padding-bottom: 5% !important;}&#8221;] Viatge a OZ, el musical [...]\" \/>\n<meta property=\"og:url\" content=\"https:\/\/giragiradis.com\/val\/trencadis-produccions\/viatge-a-oz-el-musical\/\" \/>\n<meta property=\"og:site_name\" content=\"GIRAGIRA DISTRIBUCI\u00d3 TEATRAL\" \/>\n<meta property=\"article:publisher\" content=\"https:\/\/www.facebook.com\/Trencadispro\/timeline\/\" \/>\n<meta property=\"article:modified_time\" content=\"2026-04-07T09:44:36+00:00\" \/>\n<meta property=\"og:image\" content=\"https:\/\/giragiradis.com\/wp-content\/uploads\/2025\/01\/CARTEL-VIAJE-A-OZ_valencia_3anys-724x1024.jpg\" \/>\n\t<meta property=\"og:image:width\" content=\"724\" \/>\n\t<meta property=\"og:image:height\" content=\"1024\" \/>\n\t<meta property=\"og:image:type\" content=\"image\/jpeg\" \/>\n<meta name=\"twitter:card\" content=\"summary_large_image\" \/>\n<meta name=\"twitter:label1\" content=\"Est. reading time\" \/>\n\t<meta name=\"twitter:data1\" content=\"3 minutes\" \/>\n<script type=\"application\/ld+json\" class=\"yoast-schema-graph\">{\"@context\":\"https:\\\/\\\/schema.org\",\"@graph\":[{\"@type\":\"WebPage\",\"@id\":\"https:\\\/\\\/giragiradis.com\\\/val\\\/trencadis-produccions\\\/viatge-a-oz-el-musical\\\/\",\"url\":\"https:\\\/\\\/giragiradis.com\\\/val\\\/trencadis-produccions\\\/viatge-a-oz-el-musical\\\/\",\"name\":\"Viatge a OZ, el musical &#8226; GIRAGIRA DISTRIBUCI\u00d3 TEATRAL\",\"isPartOf\":{\"@id\":\"https:\\\/\\\/giragiradis.com\\\/val\\\/#website\"},\"primaryImageOfPage\":{\"@id\":\"https:\\\/\\\/giragiradis.com\\\/val\\\/trencadis-produccions\\\/viatge-a-oz-el-musical\\\/#primaryimage\"},\"image\":{\"@id\":\"https:\\\/\\\/giragiradis.com\\\/val\\\/trencadis-produccions\\\/viatge-a-oz-el-musical\\\/#primaryimage\"},\"thumbnailUrl\":\"https:\\\/\\\/giragiradis.com\\\/wp-content\\\/uploads\\\/2025\\\/01\\\/CARTEL-VIAJE-A-OZ_valencia_3anys.jpg\",\"datePublished\":\"2024-10-24T11:36:28+00:00\",\"dateModified\":\"2026-04-07T09:44:36+00:00\",\"breadcrumb\":{\"@id\":\"https:\\\/\\\/giragiradis.com\\\/val\\\/trencadis-produccions\\\/viatge-a-oz-el-musical\\\/#breadcrumb\"},\"inLanguage\":\"val\",\"potentialAction\":[{\"@type\":\"ReadAction\",\"target\":[\"https:\\\/\\\/giragiradis.com\\\/val\\\/trencadis-produccions\\\/viatge-a-oz-el-musical\\\/\"]}]},{\"@type\":\"ImageObject\",\"inLanguage\":\"val\",\"@id\":\"https:\\\/\\\/giragiradis.com\\\/val\\\/trencadis-produccions\\\/viatge-a-oz-el-musical\\\/#primaryimage\",\"url\":\"https:\\\/\\\/giragiradis.com\\\/wp-content\\\/uploads\\\/2025\\\/01\\\/CARTEL-VIAJE-A-OZ_valencia_3anys.jpg\",\"contentUrl\":\"https:\\\/\\\/giragiradis.com\\\/wp-content\\\/uploads\\\/2025\\\/01\\\/CARTEL-VIAJE-A-OZ_valencia_3anys.jpg\",\"width\":1300,\"height\":1838},{\"@type\":\"BreadcrumbList\",\"@id\":\"https:\\\/\\\/giragiradis.com\\\/val\\\/trencadis-produccions\\\/viatge-a-oz-el-musical\\\/#breadcrumb\",\"itemListElement\":[{\"@type\":\"ListItem\",\"position\":1,\"name\":\"Portada\",\"item\":\"https:\\\/\\\/giragiradis.com\\\/val\\\/\"},{\"@type\":\"ListItem\",\"position\":2,\"name\":\"Trencadis Produccions\",\"item\":\"https:\\\/\\\/giragiradis.com\\\/val\\\/trencadis-produccions\\\/\"},{\"@type\":\"ListItem\",\"position\":3,\"name\":\"Viatge a OZ, el musical\"}]},{\"@type\":\"WebSite\",\"@id\":\"https:\\\/\\\/giragiradis.com\\\/val\\\/#website\",\"url\":\"https:\\\/\\\/giragiradis.com\\\/val\\\/\",\"name\":\"GIRAGIRA Distribuci\u00f3 Teatral\",\"description\":\"Teatre musical infantil i familiar\",\"publisher\":{\"@id\":\"https:\\\/\\\/giragiradis.com\\\/val\\\/#organization\"},\"alternateName\":\"Distribuci\u00f3n de obras de teatro musicales, infantiles y familiares, en castellano, valenciano y catal\u00e1n. Descubre los mejores espect\u00e1culos teatrales con Trencad\u00eds, La Roda y Cashalada.\",\"potentialAction\":[{\"@type\":\"SearchAction\",\"target\":{\"@type\":\"EntryPoint\",\"urlTemplate\":\"https:\\\/\\\/giragiradis.com\\\/val\\\/?s={search_term_string}\"},\"query-input\":{\"@type\":\"PropertyValueSpecification\",\"valueRequired\":true,\"valueName\":\"search_term_string\"}}],\"inLanguage\":\"val\"},{\"@type\":\"Organization\",\"@id\":\"https:\\\/\\\/giragiradis.com\\\/val\\\/#organization\",\"name\":\"Giragira distribuci\u00f3n teatral\",\"url\":\"https:\\\/\\\/giragiradis.com\\\/val\\\/\",\"logo\":{\"@type\":\"ImageObject\",\"inLanguage\":\"val\",\"@id\":\"https:\\\/\\\/giragiradis.com\\\/val\\\/#\\\/schema\\\/logo\\\/image\\\/\",\"url\":\"https:\\\/\\\/giragiradis.com\\\/wp-content\\\/uploads\\\/2024\\\/10\\\/LOGO-V2-Negre_Blau.png\",\"contentUrl\":\"https:\\\/\\\/giragiradis.com\\\/wp-content\\\/uploads\\\/2024\\\/10\\\/LOGO-V2-Negre_Blau.png\",\"width\":1200,\"height\":812,\"caption\":\"Giragira distribuci\u00f3n teatral\"},\"image\":{\"@id\":\"https:\\\/\\\/giragiradis.com\\\/val\\\/#\\\/schema\\\/logo\\\/image\\\/\"},\"sameAs\":[\"https:\\\/\\\/www.facebook.com\\\/Trencadispro\\\/timeline\\\/\",\"https:\\\/\\\/www.instagram.com\\\/trencadis.produccions\\\/\",\"https:\\\/\\\/www.youtube.com\\\/@giragiradis\"]}]}<\/script>\n<!-- \/ Yoast SEO plugin. -->","yoast_head_json":{"title":"Viatge a OZ, el musical &#8226; GIRAGIRA DISTRIBUCI\u00d3 TEATRAL","robots":{"index":"index","follow":"follow","max-snippet":"max-snippet:-1","max-image-preview":"max-image-preview:large","max-video-preview":"max-video-preview:-1"},"canonical":"https:\/\/giragiradis.com\/val\/trencadis-produccions\/viatge-a-oz-el-musical\/","og_locale":"en_US","og_type":"article","og_title":"Viatge a OZ, el musical &#8226; GIRAGIRA DISTRIBUCI\u00d3 TEATRAL","og_description":"[vc_row content_placement=&#8221;bottom&#8221; css=&#8221;.vc_custom_1744884430252{padding-top: 45% !important;padding-bottom: 10% !important;background-image: url(https:\/\/giragiradis.com\/wp-content\/uploads\/2025\/04\/5-e1744884354596.png?id=2473) !important;background-position: center !important;background-repeat: no-repeat !important;background-size: cover !important;}&#8221;][vc_column][\/vc_column][\/vc_row][vc_row css=&#8221;.vc_custom_1731346920305{padding-top: 5% !important;padding-right: 5% !important;padding-left: 5% !important;}&#8221;][vc_column][vc_column_text css=&#8221;.vc_custom_1734032928981{padding-bottom: 5% !important;}&#8221;] Viatge a OZ, el musical [...]","og_url":"https:\/\/giragiradis.com\/val\/trencadis-produccions\/viatge-a-oz-el-musical\/","og_site_name":"GIRAGIRA DISTRIBUCI\u00d3 TEATRAL","article_publisher":"https:\/\/www.facebook.com\/Trencadispro\/timeline\/","article_modified_time":"2026-04-07T09:44:36+00:00","og_image":[{"width":724,"height":1024,"url":"https:\/\/giragiradis.com\/wp-content\/uploads\/2025\/01\/CARTEL-VIAJE-A-OZ_valencia_3anys-724x1024.jpg","type":"image\/jpeg"}],"twitter_card":"summary_large_image","twitter_misc":{"Est. reading time":"3 minutes"},"schema":{"@context":"https:\/\/schema.org","@graph":[{"@type":"WebPage","@id":"https:\/\/giragiradis.com\/val\/trencadis-produccions\/viatge-a-oz-el-musical\/","url":"https:\/\/giragiradis.com\/val\/trencadis-produccions\/viatge-a-oz-el-musical\/","name":"Viatge a OZ, el musical &#8226; GIRAGIRA DISTRIBUCI\u00d3 TEATRAL","isPartOf":{"@id":"https:\/\/giragiradis.com\/val\/#website"},"primaryImageOfPage":{"@id":"https:\/\/giragiradis.com\/val\/trencadis-produccions\/viatge-a-oz-el-musical\/#primaryimage"},"image":{"@id":"https:\/\/giragiradis.com\/val\/trencadis-produccions\/viatge-a-oz-el-musical\/#primaryimage"},"thumbnailUrl":"https:\/\/giragiradis.com\/wp-content\/uploads\/2025\/01\/CARTEL-VIAJE-A-OZ_valencia_3anys.jpg","datePublished":"2024-10-24T11:36:28+00:00","dateModified":"2026-04-07T09:44:36+00:00","breadcrumb":{"@id":"https:\/\/giragiradis.com\/val\/trencadis-produccions\/viatge-a-oz-el-musical\/#breadcrumb"},"inLanguage":"val","potentialAction":[{"@type":"ReadAction","target":["https:\/\/giragiradis.com\/val\/trencadis-produccions\/viatge-a-oz-el-musical\/"]}]},{"@type":"ImageObject","inLanguage":"val","@id":"https:\/\/giragiradis.com\/val\/trencadis-produccions\/viatge-a-oz-el-musical\/#primaryimage","url":"https:\/\/giragiradis.com\/wp-content\/uploads\/2025\/01\/CARTEL-VIAJE-A-OZ_valencia_3anys.jpg","contentUrl":"https:\/\/giragiradis.com\/wp-content\/uploads\/2025\/01\/CARTEL-VIAJE-A-OZ_valencia_3anys.jpg","width":1300,"height":1838},{"@type":"BreadcrumbList","@id":"https:\/\/giragiradis.com\/val\/trencadis-produccions\/viatge-a-oz-el-musical\/#breadcrumb","itemListElement":[{"@type":"ListItem","position":1,"name":"Portada","item":"https:\/\/giragiradis.com\/val\/"},{"@type":"ListItem","position":2,"name":"Trencadis Produccions","item":"https:\/\/giragiradis.com\/val\/trencadis-produccions\/"},{"@type":"ListItem","position":3,"name":"Viatge a OZ, el musical"}]},{"@type":"WebSite","@id":"https:\/\/giragiradis.com\/val\/#website","url":"https:\/\/giragiradis.com\/val\/","name":"GIRAGIRA Distribuci\u00f3 Teatral","description":"Teatre musical infantil i familiar","publisher":{"@id":"https:\/\/giragiradis.com\/val\/#organization"},"alternateName":"Distribuci\u00f3n de obras de teatro musicales, infantiles y familiares, en castellano, valenciano y catal\u00e1n. Descubre los mejores espect\u00e1culos teatrales con Trencad\u00eds, La Roda y Cashalada.","potentialAction":[{"@type":"SearchAction","target":{"@type":"EntryPoint","urlTemplate":"https:\/\/giragiradis.com\/val\/?s={search_term_string}"},"query-input":{"@type":"PropertyValueSpecification","valueRequired":true,"valueName":"search_term_string"}}],"inLanguage":"val"},{"@type":"Organization","@id":"https:\/\/giragiradis.com\/val\/#organization","name":"Giragira distribuci\u00f3n teatral","url":"https:\/\/giragiradis.com\/val\/","logo":{"@type":"ImageObject","inLanguage":"val","@id":"https:\/\/giragiradis.com\/val\/#\/schema\/logo\/image\/","url":"https:\/\/giragiradis.com\/wp-content\/uploads\/2024\/10\/LOGO-V2-Negre_Blau.png","contentUrl":"https:\/\/giragiradis.com\/wp-content\/uploads\/2024\/10\/LOGO-V2-Negre_Blau.png","width":1200,"height":812,"caption":"Giragira distribuci\u00f3n teatral"},"image":{"@id":"https:\/\/giragiradis.com\/val\/#\/schema\/logo\/image\/"},"sameAs":["https:\/\/www.facebook.com\/Trencadispro\/timeline\/","https:\/\/www.instagram.com\/trencadis.produccions\/","https:\/\/www.youtube.com\/@giragiradis"]}]}},"_links":{"self":[{"href":"https:\/\/giragiradis.com\/val\/wp-json\/wp\/v2\/pages\/1752","targetHints":{"allow":["GET"]}}],"collection":[{"href":"https:\/\/giragiradis.com\/val\/wp-json\/wp\/v2\/pages"}],"about":[{"href":"https:\/\/giragiradis.com\/val\/wp-json\/wp\/v2\/types\/page"}],"author":[{"embeddable":true,"href":"https:\/\/giragiradis.com\/val\/wp-json\/wp\/v2\/users\/1"}],"replies":[{"embeddable":true,"href":"https:\/\/giragiradis.com\/val\/wp-json\/wp\/v2\/comments?post=1752"}],"version-history":[{"count":19,"href":"https:\/\/giragiradis.com\/val\/wp-json\/wp\/v2\/pages\/1752\/revisions"}],"predecessor-version":[{"id":3400,"href":"https:\/\/giragiradis.com\/val\/wp-json\/wp\/v2\/pages\/1752\/revisions\/3400"}],"up":[{"embeddable":true,"href":"https:\/\/giragiradis.com\/val\/wp-json\/wp\/v2\/pages\/1733"}],"wp:featuredmedia":[{"embeddable":true,"href":"https:\/\/giragiradis.com\/val\/wp-json\/wp\/v2\/media\/1937"}],"wp:attachment":[{"href":"https:\/\/giragiradis.com\/val\/wp-json\/wp\/v2\/media?parent=1752"}],"wp:term":[{"taxonomy":"category","embeddable":true,"href":"https:\/\/giragiradis.com\/val\/wp-json\/wp\/v2\/categories?post=1752"},{"taxonomy":"post_tag","embeddable":true,"href":"https:\/\/giragiradis.com\/val\/wp-json\/wp\/v2\/tags?post=1752"}],"curies":[{"name":"wp","href":"https:\/\/api.w.org\/{rel}","templated":true}]}}